{"id":396,"date":"2025-10-01T16:40:19","date_gmt":"2025-10-01T14:40:19","guid":{"rendered":"https:\/\/wp.laas.fr\/chaireretailresp\/?page_id=396"},"modified":"2025-10-01T17:10:48","modified_gmt":"2025-10-01T15:10:48","slug":"soutenir-la-chaire","status":"publish","type":"page","link":"https:\/\/wp.laas.fr\/chaireretailresp\/soutenir-la-chaire\/","title":{"rendered":"Soutenir la chaire"},"content":{"rendered":"\t\t<div data-elementor-type=\"wp-page\" data-elementor-id=\"396\" class=\"elementor elementor-396\">\n\t\t\t\t<div class=\"elementor-element elementor-element-aa37fcc e-flex e-con-boxed e-con e-parent\" data-id=\"aa37fcc\" data-element_type=\"container\" data-e-type=\"container\">\n\t\t\t\t\t<div class=\"e-con-inner\">\n\t\t\t\t<div class=\"elementor-element elementor-element-b79f01b elementor-widget elementor-widget-heading\" data-id=\"b79f01b\" data-element_type=\"widget\" data-e-type=\"widget\" data-widget_type=\"heading.default\">\n\t\t\t\t<div class=\"elementor-widget-container\">\n\t\t\t\t\t<h1 class=\"elementor-heading-title elementor-size-default\">SOUTENIR LA CHAIRE<\/h1>\t\t\t\t<\/div>\n\t\t\t\t<\/div>\n\t\t\t\t<div class=\"elementor-element elementor-element-873053b elementor-widget elementor-widget-text-editor\" data-id=\"873053b\" data-element_type=\"widget\" data-e-type=\"widget\" data-widget_type=\"text-editor.default\">\n\t\t\t\t<div class=\"elementor-widget-container\">\n\t\t\t\t\t\t\t\t\t<p>En soutenant la Chaire Retail Responsable, vous contribuez \u00e0 inventer le e-commerce de demain : durable et innovant.<\/p><p>Votre engagement nous permet de : Financer la recherche et l\u2019innovation, Former les talents de demain, D\u00e9velopper des projets concrets.<\/p><p><strong>Rejoignez une communaut\u00e9 mobilis\u00e9e pour un retail plus responsable<\/strong><\/p>\t\t\t\t\t\t\t\t<\/div>\n\t\t\t\t<\/div>\n\t\t\t\t\t<\/div>\n\t\t\t\t<\/div>\n\t\t<div class=\"elementor-element elementor-element-e7b3387 e-flex e-con-boxed e-con e-parent\" data-id=\"e7b3387\" data-element_type=\"container\" data-e-type=\"container\">\n\t\t\t\t\t<div class=\"e-con-inner\">\n\t\t\t\t<div class=\"elementor-element elementor-element-54ed6af elementor-view-default elementor-position-block-start elementor-mobile-position-block-start elementor-widget elementor-widget-icon-box\" data-id=\"54ed6af\" data-element_type=\"widget\" data-e-type=\"widget\" data-widget_type=\"icon-box.default\">\n\t\t\t\t<div class=\"elementor-widget-container\">\n\t\t\t\t\t\t\t<div class=\"elementor-icon-box-wrapper\">\n\n\t\t\t\t\t\t<div class=\"elementor-icon-box-icon\">\n\t\t\t\t<a href=\"https:\/\/www.ain7.com\/fr\/donation\" target=\"_blank\" class=\"elementor-icon\" tabindex=\"-1\" aria-label=\"Faire un don \">\n\t\t\t\t<svg aria-hidden=\"true\" class=\"e-font-icon-svg e-fas-euro-sign\" viewBox=\"0 0 320 512\" xmlns=\"http:\/\/www.w3.org\/2000\/svg\"><path d=\"M310.706 413.765c-1.314-6.63-7.835-10.872-14.424-9.369-10.692 2.439-27.422 5.413-45.426 5.413-56.763 0-101.929-34.79-121.461-85.449h113.689a12 12 0 0 0 11.708-9.369l6.373-28.36c1.686-7.502-4.019-14.631-11.708-14.631H115.22c-1.21-14.328-1.414-28.287.137-42.245H261.95a12 12 0 0 0 11.723-9.434l6.512-29.755c1.638-7.484-4.061-14.566-11.723-14.566H130.184c20.633-44.991 62.69-75.03 117.619-75.03 14.486 0 28.564 2.25 37.851 4.145 6.216 1.268 12.347-2.498 14.002-8.623l11.991-44.368c1.822-6.741-2.465-13.616-9.326-14.917C290.217 34.912 270.71 32 249.635 32 152.451 32 74.03 92.252 45.075 176H12c-6.627 0-12 5.373-12 12v29.755c0 6.627 5.373 12 12 12h21.569c-1.009 13.607-1.181 29.287-.181 42.245H12c-6.627 0-12 5.373-12 12v28.36c0 6.627 5.373 12 12 12h30.114C67.139 414.692 145.264 480 249.635 480c26.301 0 48.562-4.544 61.101-7.788 6.167-1.595 10.027-7.708 8.788-13.957l-8.818-44.49z\"><\/path><\/svg>\t\t\t\t<\/a>\n\t\t\t<\/div>\n\t\t\t\n\t\t\t\t\t\t<div class=\"elementor-icon-box-content\">\n\n\t\t\t\t\t\t\t\t\t<h3 class=\"elementor-icon-box-title\">\n\t\t\t\t\t\t<a href=\"https:\/\/www.ain7.com\/fr\/donation\" target=\"_blank\" >\n\t\t\t\t\t\t\tFaire un don \t\t\t\t\t\t<\/a>\n\t\t\t\t\t<\/h3>\n\t\t\t\t\n\t\t\t\t\t\t\t\t\t<p class=\"elementor-icon-box-description\">\n\t\t\t\t\t\tFaites un don aupr\u00e8s du Fonds de dotation N7dev\t\t\t\t\t<\/p>\n\t\t\t\t\n\t\t\t<\/div>\n\t\t\t\n\t\t<\/div>\n\t\t\t\t\t\t<\/div>\n\t\t\t\t<\/div>\n\t\t\t\t\t<\/div>\n\t\t\t\t<\/div>\n\t\t\t\t<\/div>\n\t\t","protected":false},"excerpt":{"rendered":"<p>SOUTENIR LA CHAIRE En soutenant la Chaire Retail Responsable, vous contribuez \u00e0 inventer le e-commerce de demain : durable et innovant. Votre engagement nous permet de : Financer la recherche et l\u2019innovation, Former les talents de demain, D\u00e9velopper des projets concrets. Rejoignez une communaut\u00e9 mobilis\u00e9e pour un retail plus responsable Faire un don Faites un&hellip;&nbsp;<\/p>\n","protected":false},"author":82,"featured_media":0,"parent":0,"menu_order":0,"comment_status":"closed","ping_status":"closed","template":"page-templates\/template-pagebuilder-full-width.php","meta":{"neve_meta_sidebar":"","neve_meta_container":"","neve_meta_enable_content_width":"","neve_meta_content_width":0,"neve_meta_title_alignment":"","neve_meta_author_avatar":"","neve_post_elements_order":"","neve_meta_disable_header":"","neve_meta_disable_footer":"","neve_meta_disable_title":"","footnotes":""},"class_list":["post-396","page","type-page","status-publish","hentry"],"_links":{"self":[{"href":"https:\/\/wp.laas.fr\/chaireretailresp\/wp-json\/wp\/v2\/pages\/396","targetHints":{"allow":["GET"]}}],"collection":[{"href":"https:\/\/wp.laas.fr\/chaireretailresp\/wp-json\/wp\/v2\/pages"}],"about":[{"href":"https:\/\/wp.laas.fr\/chaireretailresp\/wp-json\/wp\/v2\/types\/page"}],"author":[{"embeddable":true,"href":"https:\/\/wp.laas.fr\/chaireretailresp\/wp-json\/wp\/v2\/users\/82"}],"replies":[{"embeddable":true,"href":"https:\/\/wp.laas.fr\/chaireretailresp\/wp-json\/wp\/v2\/comments?post=396"}],"version-history":[{"count":18,"href":"https:\/\/wp.laas.fr\/chaireretailresp\/wp-json\/wp\/v2\/pages\/396\/revisions"}],"predecessor-version":[{"id":728,"href":"https:\/\/wp.laas.fr\/chaireretailresp\/wp-json\/wp\/v2\/pages\/396\/revisions\/728"}],"wp:attachment":[{"href":"https:\/\/wp.laas.fr\/chaireretailresp\/wp-json\/wp\/v2\/media?parent=396"}],"curies":[{"name":"wp","href":"https:\/\/api.w.org\/{rel}","templated":true}]}}